{"id":3106,"date":"2023-05-30T15:58:28","date_gmt":"2023-05-30T13:58:28","guid":{"rendered":"https:\/\/www.chor-einklang.de\/?page_id=3106"},"modified":"2023-05-30T16:21:14","modified_gmt":"2023-05-30T14:21:14","slug":"elementor-3106","status":"publish","type":"page","link":"https:\/\/www.chor-einklang.de\/?page_id=3106","title":{"rendered":"Winser Mitteilungsblatt 25.05.2023"},"content":{"rendered":"\t\t<div data-elementor-type=\"wp-page\" data-elementor-id=\"3106\" class=\"elementor elementor-3106\">\n\t\t\t\t\t\t<section class=\"elementor-section elementor-top-section elementor-element elementor-element-02b10cb elementor-section-boxed elementor-section-height-default elementor-section-height-default\" data-id=\"02b10cb\" data-element_type=\"section\" data-e-type=\"section\">\n\t\t\t\t\t\t<div class=\"elementor-container elementor-column-gap-default\">\n\t\t\t\t\t<div class=\"elementor-column elementor-col-100 elementor-top-column elementor-element elementor-element-dba39ba\" data-id=\"dba39ba\" data-element_type=\"column\" data-e-type=\"column\">\n\t\t\t<div class=\"elementor-widget-wrap elementor-element-populated\">\n\t\t\t\t\t\t<div class=\"elementor-element elementor-element-6db164e elementor-widget elementor-widget-text-editor\" data-id=\"6db164e\" data-element_type=\"widget\" data-e-type=\"widget\" data-widget_type=\"text-editor.default\">\n\t\t\t\t<div class=\"elementor-widget-container\">\n\t\t\t\t\t\t\t\t\t<h2><span style=\"color: #a10808;\">Winser Mitteilungsblatt 25. 05 2023<br \/><\/span><span style=\"color: #333333;\"><strong>Chor Einklang: Trommelwirbel in Hermannsburg<br \/><\/strong><\/span><\/h2><p><span style=\"color: #333333;\">Singen \u2013 Trommeln \u2013 Spa\u00df haben! Unter diesem Motto stand die diesj\u00e4hrige Chorfreizeit vom Winser Chor Einklang, die vom 5. bis 7. Mai 2023 im Evangelischen Bildungszentrum in Hermannsburg stattfand.<br \/><\/span><span style=\"color: #333333;\">Rund 35 \u201eEinkl\u00e4ngler\u201c nutzten die M\u00f6glichkeit, inmitten der malerischen Heidelandschaft gemeinsam f\u00fcr das bevorstehende Open-Air-Konzert im Juni zu proben.<br \/>Die Vorbereitungen beschr\u00e4nkten sich hierbei nicht nur auf den Gesang: mit spannenden \u00dcbungen auf den neuen Djemb\u00e9-Trommeln unterst\u00fctzte Chorleiter Arnas Vonzodas seine S\u00e4ngerinnen und S\u00e4nger dabei, nicht nur stimmlich, sondern auch rhythmisch den richtigen \u201eEinklang\u201c zu finden.<br \/>Und so ert\u00f6nten in Hermannsburg an diesem Wochenende moderne Kl\u00e4nge von Coldplay, Stevie Wonder und anderen K\u00fcnstlern mit Trommelwirbel unterlegt!<\/span><\/p>\t\t\t\t\t\t\t\t<\/div>\n\t\t\t\t<\/div>\n\t\t\t\t\t<\/div>\n\t\t<\/div>\n\t\t\t\t\t<\/div>\n\t\t<\/section>\n\t\t\t\t<section class=\"elementor-section elementor-top-section elementor-element elementor-element-1a1fa40 elementor-section-boxed elementor-section-height-default elementor-section-height-default\" data-id=\"1a1fa40\" data-element_type=\"section\" data-e-type=\"section\">\n\t\t\t\t\t\t<div class=\"elementor-container elementor-column-gap-default\">\n\t\t\t\t\t<div class=\"elementor-column elementor-col-50 elementor-top-column elementor-element elementor-element-85b28f0\" data-id=\"85b28f0\" data-element_type=\"column\" data-e-type=\"column\">\n\t\t\t<div class=\"elementor-widget-wrap elementor-element-populated\">\n\t\t\t\t\t\t<div class=\"elementor-element elementor-element-55a5558 elementor-widget elementor-widget-image\" data-id=\"55a5558\" data-element_type=\"widget\" data-e-type=\"widget\" data-widget_type=\"image.default\">\n\t\t\t\t<div class=\"elementor-widget-container\">\n\t\t\t\t\t\t\t\t\t\t\t\t<figure class=\"wp-caption\">\n\t\t\t\t\t\t\t\t\t\t<img fetchpriority=\"high\" decoding=\"async\" width=\"1024\" height=\"768\" src=\"https:\/\/www.chor-einklang.de\/wp-content\/uploads\/2023\/05\/Hermannsburg-2023-_2_-1024x768.jpg\" class=\"attachment-large size-large wp-image-3076\" alt=\"\" srcset=\"https:\/\/www.chor-einklang.de\/wp-content\/uploads\/2023\/05\/Hermannsburg-2023-_2_-1024x768.jpg 1024w, https:\/\/www.chor-einklang.de\/wp-content\/uploads\/2023\/05\/Hermannsburg-2023-_2_-300x225.jpg 300w, https:\/\/www.chor-einklang.de\/wp-content\/uploads\/2023\/05\/Hermannsburg-2023-_2_-768x576.jpg 768w, https:\/\/www.chor-einklang.de\/wp-content\/uploads\/2023\/05\/Hermannsburg-2023-_2_-1536x1152.jpg 1536w, https:\/\/www.chor-einklang.de\/wp-content\/uploads\/2023\/05\/Hermannsburg-2023-_2_-2048x1536.jpg 2048w\" sizes=\"(max-width: 1024px) 100vw, 1024px\" \/>\t\t\t\t\t\t\t\t\t\t\t<figcaption class=\"widget-image-caption wp-caption-text\">Freuen sich auf das \"Summertime\"-Konzert am 24. Juni: Die S\u00e4ngerinnen und S\u00e4nger vom Chor Einklang<\/figcaption>\n\t\t\t\t\t\t\t\t\t\t<\/figure>\n\t\t\t\t\t\t\t\t\t<\/div>\n\t\t\t\t<\/div>\n\t\t\t\t\t<\/div>\n\t\t<\/div>\n\t\t\t\t<div class=\"elementor-column elementor-col-50 elementor-top-column elementor-element elementor-element-6316323\" data-id=\"6316323\" data-element_type=\"column\" data-e-type=\"column\">\n\t\t\t<div class=\"elementor-widget-wrap elementor-element-populated\">\n\t\t\t\t\t\t<div class=\"elementor-element elementor-element-dc1cd7a elementor-absolute elementor-widget elementor-widget-image\" data-id=\"dc1cd7a\" data-element_type=\"widget\" data-e-type=\"widget\" data-settings=\"{&quot;_position&quot;:&quot;absolute&quot;}\" data-widget_type=\"image.default\">\n\t\t\t\t<div class=\"elementor-widget-container\">\n\t\t\t\t\t\t\t\t\t\t\t\t<figure class=\"wp-caption\">\n\t\t\t\t\t\t\t\t\t\t<img decoding=\"async\" width=\"1024\" height=\"500\" src=\"https:\/\/www.chor-einklang.de\/wp-content\/uploads\/2023\/05\/Hermannsburg-2023-9-1024x500.jpg\" class=\"attachment-large size-large wp-image-3077\" alt=\"\" srcset=\"https:\/\/www.chor-einklang.de\/wp-content\/uploads\/2023\/05\/Hermannsburg-2023-9-1024x500.jpg 1024w, https:\/\/www.chor-einklang.de\/wp-content\/uploads\/2023\/05\/Hermannsburg-2023-9-300x147.jpg 300w, https:\/\/www.chor-einklang.de\/wp-content\/uploads\/2023\/05\/Hermannsburg-2023-9-768x375.jpg 768w, https:\/\/www.chor-einklang.de\/wp-content\/uploads\/2023\/05\/Hermannsburg-2023-9-1536x751.jpg 1536w, https:\/\/www.chor-einklang.de\/wp-content\/uploads\/2023\/05\/Hermannsburg-2023-9-2048x1001.jpg 2048w\" sizes=\"(max-width: 1024px) 100vw, 1024px\" \/>\t\t\t\t\t\t\t\t\t\t\t<figcaption class=\"widget-image-caption wp-caption-text\">Sorgte f\u00fcr \"Trommelwirbel\" in Hermannsburg: Chorleiter Arnas Vonzodas<\/figcaption>\n\t\t\t\t\t\t\t\t\t\t<\/figure>\n\t\t\t\t\t\t\t\t\t<\/div>\n\t\t\t\t<\/div>\n\t\t\t\t\t<\/div>\n\t\t<\/div>\n\t\t\t\t\t<\/div>\n\t\t<\/section>\n\t\t\t\t<section class=\"elementor-section elementor-top-section elementor-element elementor-element-563ba0b elementor-section-boxed elementor-section-height-default elementor-section-height-default\" data-id=\"563ba0b\" data-element_type=\"section\" data-e-type=\"section\">\n\t\t\t\t\t\t<div class=\"elementor-container elementor-column-gap-default\">\n\t\t\t\t\t<div class=\"elementor-column elementor-col-100 elementor-top-column elementor-element elementor-element-244e36c\" data-id=\"244e36c\" data-element_type=\"column\" data-e-type=\"column\">\n\t\t\t<div class=\"elementor-widget-wrap elementor-element-populated\">\n\t\t\t\t\t\t<div class=\"elementor-element elementor-element-a2e70d8 elementor-widget elementor-widget-text-editor\" data-id=\"a2e70d8\" data-element_type=\"widget\" data-e-type=\"widget\" data-widget_type=\"text-editor.default\">\n\t\t\t\t<div class=\"elementor-widget-container\">\n\t\t\t\t\t\t\t\t\t<p><span style=\"color: #333333;\">Als \u00dcberraschung pr\u00e4sentierten die Einklang-M\u00e4nner das Ergebnis ihrer Zusatzproben: Mit ihrem virtuos arrangierten \u201eSch\u00f6n war die Zeit\u201c brachten sie auf den Punkt, was wohl alle S\u00e4ngerinnen und S\u00e4nger \u00fcber das rundum gelungene Chorwochenende dachten.<\/span><br \/><span style=\"color: #333333;\">Von der Begeisterung und dem Gemeinschaftssinn der \u201eEinkl\u00e4ngler\u201c lie\u00dfen sich auch die neuen S\u00e4ngerinnen und S\u00e4nger anstecken und stellten fest: \u201eIn diesen Chor h\u00e4tten wir schon vor 10 Jahren eintreten sollen.\u201c<\/span><\/p><p><span style=\"color: #333333;\">Wer mehr vom Chor Einklang und befreundeten Gastch\u00f6ren sehen und h\u00f6ren m\u00f6chte, ist herzlich zum Sommerkonzert eingeladen, das unter dem Motto \u201eIt\u2019s Summertime\u201c am Samstag, den 24.06.2023, um 18.00 Uhr im \u201eGrooden Hus\u201c in Winsen (Aller) stattfindet.<\/span><\/p><p><span style=\"color: #333333;\">Weitere Informationen unter <a style=\"color: #333333;\" href=\"https:\/\/www.chor-einklang.de\">chor-einklang.de<\/a> .<\/span><br \/><span style=\"color: #333333;\">Dieses Projekt wird im Rahmen des bundesweiten Programms IMPULS gef\u00f6rdert.<\/span><\/p><p><span style=\"color: #333333;\">Text: Barbara Niemann<\/span><br \/><span style=\"color: #333333;\">Fotos: Dagmar Wendland und Barbara Niemann<\/span> <\/p><p>\u00a0<\/p>\t\t\t\t\t\t\t\t<\/div>\n\t\t\t\t<\/div>\n\t\t\t\t\t<\/div>\n\t\t<\/div>\n\t\t\t\t\t<\/div>\n\t\t<\/section>\n\t\t\t\t<section class=\"elementor-section elementor-top-section elementor-element elementor-element-3e8e8c3 elementor-section-boxed elementor-section-height-default elementor-section-height-default\" data-id=\"3e8e8c3\" data-element_type=\"section\" data-e-type=\"section\">\n\t\t\t\t\t\t<div class=\"elementor-container elementor-column-gap-default\">\n\t\t\t\t\t<div class=\"elementor-column elementor-col-25 elementor-top-column elementor-element elementor-element-6d723b7\" data-id=\"6d723b7\" data-element_type=\"column\" data-e-type=\"column\">\n\t\t\t<div class=\"elementor-widget-wrap elementor-element-populated\">\n\t\t\t\t\t\t<div class=\"elementor-element elementor-element-1d31544 elementor-widget elementor-widget-image\" data-id=\"1d31544\" data-element_type=\"widget\" data-e-type=\"widget\" data-widget_type=\"image.default\">\n\t\t\t\t<div class=\"elementor-widget-container\">\n\t\t\t\t\t\t\t\t\t\t\t\t\t\t\t\t<a href=\"https:\/\/impuls.bundesmusikverband.de\/\">\n\t\t\t\t\t\t\t<img decoding=\"async\" width=\"1024\" height=\"354\" src=\"https:\/\/www.chor-einklang.de\/wp-content\/uploads\/2023\/03\/impuls-logo--1024x354.jpg\" class=\"attachment-large size-large wp-image-2997\" alt=\"\" srcset=\"https:\/\/www.chor-einklang.de\/wp-content\/uploads\/2023\/03\/impuls-logo--1024x354.jpg 1024w, https:\/\/www.chor-einklang.de\/wp-content\/uploads\/2023\/03\/impuls-logo--300x104.jpg 300w, https:\/\/www.chor-einklang.de\/wp-content\/uploads\/2023\/03\/impuls-logo--768x266.jpg 768w, https:\/\/www.chor-einklang.de\/wp-content\/uploads\/2023\/03\/impuls-logo--1536x532.jpg 1536w, https:\/\/www.chor-einklang.de\/wp-content\/uploads\/2023\/03\/impuls-logo-.jpg 1546w\" sizes=\"(max-width: 1024px) 100vw, 1024px\" \/>\t\t\t\t\t\t\t\t<\/a>\n\t\t\t\t\t\t\t\t\t\t\t\t\t\t\t<\/div>\n\t\t\t\t<\/div>\n\t\t\t\t\t<\/div>\n\t\t<\/div>\n\t\t\t\t<div class=\"elementor-column elementor-col-25 elementor-top-column elementor-element elementor-element-8a25bd7\" data-id=\"8a25bd7\" data-element_type=\"column\" data-e-type=\"column\">\n\t\t\t<div class=\"elementor-widget-wrap elementor-element-populated\">\n\t\t\t\t\t\t<div class=\"elementor-element elementor-element-e61523b elementor-widget elementor-widget-image\" data-id=\"e61523b\" data-element_type=\"widget\" data-e-type=\"widget\" data-widget_type=\"image.default\">\n\t\t\t\t<div class=\"elementor-widget-container\">\n\t\t\t\t\t\t\t\t\t\t\t\t\t\t\t\t<a href=\"https:\/\/bundesmusikverband.de\/\">\n\t\t\t\t\t\t\t<img loading=\"lazy\" decoding=\"async\" width=\"1024\" height=\"304\" src=\"https:\/\/www.chor-einklang.de\/wp-content\/uploads\/2023\/03\/BMCO_Logo_RGB-1024x304.jpg\" class=\"attachment-large size-large wp-image-2987\" alt=\"\" srcset=\"https:\/\/www.chor-einklang.de\/wp-content\/uploads\/2023\/03\/BMCO_Logo_RGB-1024x304.jpg 1024w, https:\/\/www.chor-einklang.de\/wp-content\/uploads\/2023\/03\/BMCO_Logo_RGB-300x89.jpg 300w, https:\/\/www.chor-einklang.de\/wp-content\/uploads\/2023\/03\/BMCO_Logo_RGB-768x228.jpg 768w, https:\/\/www.chor-einklang.de\/wp-content\/uploads\/2023\/03\/BMCO_Logo_RGB.jpg 1193w\" sizes=\"(max-width: 1024px) 100vw, 1024px\" \/>\t\t\t\t\t\t\t\t<\/a>\n\t\t\t\t\t\t\t\t\t\t\t\t\t\t\t<\/div>\n\t\t\t\t<\/div>\n\t\t\t\t\t<\/div>\n\t\t<\/div>\n\t\t\t\t<div class=\"elementor-column elementor-col-25 elementor-top-column elementor-element elementor-element-434986a\" data-id=\"434986a\" data-element_type=\"column\" data-e-type=\"column\">\n\t\t\t<div class=\"elementor-widget-wrap elementor-element-populated\">\n\t\t\t\t\t\t<div class=\"elementor-element elementor-element-fa6d3c3 elementor-widget elementor-widget-image\" data-id=\"fa6d3c3\" data-element_type=\"widget\" data-e-type=\"widget\" data-widget_type=\"image.default\">\n\t\t\t\t<div class=\"elementor-widget-container\">\n\t\t\t\t\t\t\t\t\t\t\t\t\t\t\t\t<a href=\"https:\/\/www.bundesregierung.de\/breg-de\/bundesregierung\/staatsministerin-fuer-kultur-und-medien\">\n\t\t\t\t\t\t\t<img loading=\"lazy\" decoding=\"async\" width=\"1024\" height=\"576\" src=\"https:\/\/www.chor-einklang.de\/wp-content\/uploads\/2023\/03\/BKM_RGB_weiss-1024x576.jpg\" class=\"attachment-large size-large wp-image-2985\" alt=\"\" srcset=\"https:\/\/www.chor-einklang.de\/wp-content\/uploads\/2023\/03\/BKM_RGB_weiss-1024x576.jpg 1024w, https:\/\/www.chor-einklang.de\/wp-content\/uploads\/2023\/03\/BKM_RGB_weiss-300x169.jpg 300w, https:\/\/www.chor-einklang.de\/wp-content\/uploads\/2023\/03\/BKM_RGB_weiss-768x432.jpg 768w, https:\/\/www.chor-einklang.de\/wp-content\/uploads\/2023\/03\/BKM_RGB_weiss-1536x864.jpg 1536w, https:\/\/www.chor-einklang.de\/wp-content\/uploads\/2023\/03\/BKM_RGB_weiss.jpg 1746w\" sizes=\"(max-width: 1024px) 100vw, 1024px\" \/>\t\t\t\t\t\t\t\t<\/a>\n\t\t\t\t\t\t\t\t\t\t\t\t\t\t\t<\/div>\n\t\t\t\t<\/div>\n\t\t\t\t\t<\/div>\n\t\t<\/div>\n\t\t\t\t<div class=\"elementor-column elementor-col-25 elementor-top-column elementor-element elementor-element-775d8a1\" data-id=\"775d8a1\" data-element_type=\"column\" data-e-type=\"column\">\n\t\t\t<div class=\"elementor-widget-wrap elementor-element-populated\">\n\t\t\t\t\t\t<div class=\"elementor-element elementor-element-f2e1377 elementor-widget elementor-widget-image\" data-id=\"f2e1377\" data-element_type=\"widget\" data-e-type=\"widget\" data-widget_type=\"image.default\">\n\t\t\t\t<div class=\"elementor-widget-container\">\n\t\t\t\t\t\t\t\t\t\t\t\t\t\t\t\t<a href=\"https:\/\/www.bundesregierung.de\/breg-de\/bundesregierung\/bundeskanzleramt\/staatsministerin-fuer-kultur-und-medien\/neustart-kultur-startet-1841780\">\n\t\t\t\t\t\t\t<img loading=\"lazy\" decoding=\"async\" width=\"1024\" height=\"1024\" src=\"https:\/\/www.chor-einklang.de\/wp-content\/uploads\/2023\/03\/Neustart-Kultur_CMYK_weiss-1024x1024.jpg\" class=\"attachment-large size-large wp-image-2988\" alt=\"\" srcset=\"https:\/\/www.chor-einklang.de\/wp-content\/uploads\/2023\/03\/Neustart-Kultur_CMYK_weiss-1024x1024.jpg 1024w, https:\/\/www.chor-einklang.de\/wp-content\/uploads\/2023\/03\/Neustart-Kultur_CMYK_weiss-300x300.jpg 300w, https:\/\/www.chor-einklang.de\/wp-content\/uploads\/2023\/03\/Neustart-Kultur_CMYK_weiss-150x150.jpg 150w, https:\/\/www.chor-einklang.de\/wp-content\/uploads\/2023\/03\/Neustart-Kultur_CMYK_weiss-768x768.jpg 768w, https:\/\/www.chor-einklang.de\/wp-content\/uploads\/2023\/03\/Neustart-Kultur_CMYK_weiss.jpg 1183w\" sizes=\"(max-width: 1024px) 100vw, 1024px\" \/>\t\t\t\t\t\t\t\t<\/a>\n\t\t\t\t\t\t\t\t\t\t\t\t\t\t\t<\/div>\n\t\t\t\t<\/div>\n\t\t\t\t\t<\/div>\n\t\t<\/div>\n\t\t\t\t\t<\/div>\n\t\t<\/section>\n\t\t\t\t<\/div>\n\t\t","protected":false},"excerpt":{"rendered":"<p>Winser Mitteilungsblatt 25. 05 2023 Chor Einklang: Trommelwirbel in Hermannsburg Singen \u2013 Trommeln \u2013 Spa\u00df haben! Unter diesem Motto stand die diesj\u00e4hrige Chorfreizeit vom Winser Chor Einklang, die vom 5. bis 7. Mai 2023 im Evangelischen Bildungszentrum in Hermannsburg stattfand. Rund 35 \u201eEinkl\u00e4ngler\u201c nutzten die M\u00f6glichkeit, inmitten der malerischen Heidelandschaft gemeinsam f\u00fcr das bevorstehende Open-Air-Konzert&#8230;<\/p>\n","protected":false},"author":2,"featured_media":0,"parent":0,"menu_order":0,"comment_status":"closed","ping_status":"closed","template":"","meta":{"_kad_post_transparent":"","_kad_post_title":"hide","_kad_post_layout":"fullwidth","_kad_post_sidebar_id":"","_kad_post_content_style":"unboxed","_kad_post_vertical_padding":"hide","_kad_post_feature":"hide","_kad_post_feature_position":"","_kad_post_header":false,"_kad_post_footer":false,"_kad_post_classname":"","jetpack_post_was_ever_published":false,"footnotes":""},"class_list":["post-3106","page","type-page","status-publish","hentry"],"jetpack_sharing_enabled":true,"jetpack_shortlink":"https:\/\/wp.me\/P3iGNS-O6","_links":{"self":[{"href":"https:\/\/www.chor-einklang.de\/index.php?rest_route=\/wp\/v2\/pages\/3106","targetHints":{"allow":["GET"]}}],"collection":[{"href":"https:\/\/www.chor-einklang.de\/index.php?rest_route=\/wp\/v2\/pages"}],"about":[{"href":"https:\/\/www.chor-einklang.de\/index.php?rest_route=\/wp\/v2\/types\/page"}],"author":[{"embeddable":true,"href":"https:\/\/www.chor-einklang.de\/index.php?rest_route=\/wp\/v2\/users\/2"}],"replies":[{"embeddable":true,"href":"https:\/\/www.chor-einklang.de\/index.php?rest_route=%2Fwp%2Fv2%2Fcomments&post=3106"}],"version-history":[{"count":9,"href":"https:\/\/www.chor-einklang.de\/index.php?rest_route=\/wp\/v2\/pages\/3106\/revisions"}],"predecessor-version":[{"id":3127,"href":"https:\/\/www.chor-einklang.de\/index.php?rest_route=\/wp\/v2\/pages\/3106\/revisions\/3127"}],"wp:attachment":[{"href":"https:\/\/www.chor-einklang.de\/index.php?rest_route=%2Fwp%2Fv2%2Fmedia&parent=3106"}],"curies":[{"name":"wp","href":"https:\/\/api.w.org\/{rel}","templated":true}]}}